{"id":22,"date":"2021-04-23T08:53:26","date_gmt":"2021-04-23T06:53:26","guid":{"rendered":"http:\/\/www.laicites.fr\/?page_id=22"},"modified":"2024-11-26T10:13:07","modified_gmt":"2024-11-26T09:13:07","slug":"nos-membres","status":"publish","type":"page","link":"http:\/\/www.laicites.fr\/index.php\/nos-membres\/","title":{"rendered":"Nos membres &#038; soutiens"},"content":{"rendered":"\n<p>Au 9 d\u00e9cembre 2024, <br>le groupe LAIC-La\u00efcit\u00e9(s) est heureux de compter parmi ses membres individuels (class\u00e9s ici dans un seul ordre alphab\u00e9tique) :<\/p>\n\n\n\n<ul class=\"wp-block-list\">\n<li>M. Dr. <strong>Mathias Amilhat<\/strong>, ma\u00eetre de conf\u00e9rences de droit public, Universit\u00e9 Toulouse 1 Capitole, IEJUC ;<\/li>\n\n\n\n<li>M. Dr. <strong>Cl\u00e9ment Benelbaz<\/strong>, ma\u00eetre de conf\u00e9rences en droit public, Universit\u00e9 Savoie Mont-Blanc, Centre de recherche en Droit Antoine Favre, Collectif L&rsquo;Unit\u00e9 du Droit ; <\/li>\n\n\n\n<li>M. <strong>Nicolas Cad\u00e8ne<\/strong>, juriste, rapporteur g\u00e9n\u00e9ral de l\u2019Observatoire de la la\u00efcit\u00e9, membre r\u00e9sident de l\u2019Acad\u00e9mie de N\u00eemes ; <\/li>\n\n\n\n<li>Mme <strong>Oc\u00e9ane Carlinet,<\/strong> citoyenne, \u00e9tudiante (Master en droit), Juriste dans un organisme de S\u00e9curit\u00e9 Sociale ; <\/li>\n\n\n\n<li>Mme <strong>Marine Chanel,<\/strong>, professeur certifi\u00e9e de Lettres Modernes, Universit\u00e9 de Savoie Mont-Blanc, IUT d&rsquo;Annecy, d\u00e9partement TC ; <\/li>\n\n\n\n<li>Mme <strong>M\u00e9lina Elshoud<\/strong>, doctorante en droit public, Universit\u00e9 du Mans, Themis-Um, Collectif L&rsquo;Unit\u00e9 du Droit ;<\/li>\n\n\n\n<li>M. Dr. <strong>Clemmy Friedrich<\/strong>, docteur en Droit, magistrat administratif ; <\/li>\n\n\n\n<li>M. <strong>Pierre Juston,<\/strong> doctorant en droit public, Universit\u00e9 Toulouse 1 Capitole, Institut Maurice Hauriou ;<\/li>\n\n\n\n<li>Mme Dr. <strong>Hiam Mouann\u00e8s<\/strong>, Ma\u00eetre de Conf\u00e9rences de Droit public, HDR, Institut Maurice Hauriou, Ancienne Vice-pr\u00e9sidente de l&rsquo;Universit\u00e9 Toulouse 1 Capitole ; <\/li>\n\n\n\n<li>Mme Dr. <strong>Mathilde Philip-Gay,<\/strong> Professeure de droit public, Universit\u00e9 Lyon 3 ; <\/li>\n\n\n\n<li>M. Dr. <strong>Mathieu Touzeil-Divina<\/strong>, professeur de droit public, Universit\u00e9 Toulouse 1 Capitole, Collectif L&rsquo;Unit\u00e9 du Droit ; <\/li>\n\n\n\n<li>Me <strong>Ludovic Vuillermet<\/strong>, notaire (Aix-Les-Bains), charg\u00e9 d&rsquo;enseignement \u00e0 l&rsquo;Universit\u00e9 Savoie Mont-Blanc, Pr\u00e9sident (Savoie) du Mouvement Radical ; <\/li>\n<\/ul>\n\n\n\n<hr class=\"wp-block-separator has-css-opacity is-style-default\"\/>\n\n\n<div class=\"foogallery foogallery-container foogallery-masonry foogallery-lightbox-foobox fg-center fg-masonry fg-dark fg-border-thin fg-shadow-small fg-loading-default fg-loaded-fade-in fg-captions-bottom fg-hover-fade fg-hover-plus fg-ready fg-col5\" id=\"foogallery-gallery-450\" data-foogallery=\"{&quot;item&quot;:{&quot;showCaptionTitle&quot;:true,&quot;showCaptionDescription&quot;:true},&quot;lazy&quot;:true}\" >\r\n\t\t<div class=\"fg-column-width\"><\/div>\r\n\t<div class=\"fg-gutter-width\"><\/div>\r\n\t\t<div class=\"fg-item fg-type-image fg-idle\"><figure class=\"fg-item-inner\"><a href=\"http:\/\/www.laicites.fr\/wp-content\/uploads\/2021\/05\/50070MC01.jpg\" data-caption-title=\"Marine CHANEL, professeur certifi\u00e9e de Lettres Modernes, Universit\u00e9 de Savoie Mont-Blanc, IUT d&#039;Annecy, d\u00e9partement TC\" data-attachment-id=\"448\" data-type=\"image\" class=\"fg-thumb\"><span class=\"fg-image-wrap\"><img decoding=\"async\" title=\"Marine CHANEL, professeur certifi\u00e9e de Lettres Modernes, Universit\u00e9 de Savoie Mont-Blanc, IUT d&#039;Annecy, d\u00e9partement TC\" width=\"100\" height=\"140\" class=\"skip-lazy fg-image\" data-src-fg=\"http:\/\/www.laicites.fr\/wp-content\/uploads\/cache\/2021\/05\/50070MC01\/3086179732.jpg\" src=\"data:image\/svg+xml,%3Csvg%20xmlns%3D%22http%3A%2F%2Fwww.w3.org%2F2000%2Fsvg%22%20width%3D%22100%22%20height%3D%22140%22%20viewBox%3D%220%200%20100%20140%22%3E%3C%2Fsvg%3E\" loading=\"eager\"><\/span><span class=\"fg-image-overlay\"><\/span><\/a><figcaption class=\"fg-caption\"><div class=\"fg-caption-inner\"><div class=\"fg-caption-title\">Marine CHANEL, professeur certifi\u00e9e de Lettres Modernes, Universit\u00e9 de Savoie Mont-Blanc, IUT d&rsquo;Annecy, d\u00e9partement TC<\/div><\/div><\/figcaption><\/figure><div class=\"fg-loader\"><\/div><\/div><div class=\"fg-item fg-type-image fg-idle\"><figure class=\"fg-item-inner\"><a href=\"http:\/\/www.laicites.fr\/wp-content\/uploads\/2021\/05\/500700PJ01.jpg\" data-caption-title=\"Pierre JUSTON, doctorant en droit public \u00e0 l&#039;Universit\u00e9 Toulouse 1 Capitole, Institut Maurice Hauriou\" data-attachment-id=\"480\" data-type=\"image\" class=\"fg-thumb\"><span class=\"fg-image-wrap\"><img decoding=\"async\" title=\"Pierre JUSTON, doctorant en droit public \u00e0 l&#039;Universit\u00e9 Toulouse 1 Capitole, Institut Maurice Hauriou\" width=\"100\" height=\"140\" class=\"skip-lazy fg-image\" data-src-fg=\"http:\/\/www.laicites.fr\/wp-content\/uploads\/cache\/2021\/05\/500700PJ01\/3868101765.jpg\" src=\"data:image\/svg+xml,%3Csvg%20xmlns%3D%22http%3A%2F%2Fwww.w3.org%2F2000%2Fsvg%22%20width%3D%22100%22%20height%3D%22140%22%20viewBox%3D%220%200%20100%20140%22%3E%3C%2Fsvg%3E\" loading=\"eager\"><\/span><span class=\"fg-image-overlay\"><\/span><\/a><figcaption class=\"fg-caption\"><div class=\"fg-caption-inner\"><div class=\"fg-caption-title\">Pierre JUSTON, doctorant en droit public \u00e0 l&rsquo;Universit\u00e9 Toulouse 1 Capitole, Institut Maurice Hauriou<\/div><\/div><\/figcaption><\/figure><div class=\"fg-loader\"><\/div><\/div><div class=\"fg-item fg-type-image fg-idle\"><figure class=\"fg-item-inner\"><a href=\"http:\/\/www.laicites.fr\/wp-content\/uploads\/2021\/05\/500700OC01.jpg\" data-caption-title=\"Oc\u00e9ane CARLINET, Citoyenne, \u00e9tudiante (Master en droit), Juriste dans un organisme de S\u00e9curit\u00e9 Sociale\" data-attachment-id=\"449\" data-type=\"image\" class=\"fg-thumb\"><span class=\"fg-image-wrap\"><img decoding=\"async\" title=\"Oc\u00e9ane CARLINET, Citoyenne, \u00e9tudiante (Master en droit), Juriste dans un organisme de S\u00e9curit\u00e9 Sociale\" width=\"100\" height=\"140\" class=\"skip-lazy fg-image\" data-src-fg=\"http:\/\/www.laicites.fr\/wp-content\/uploads\/cache\/2021\/05\/500700OC01\/3871959854.jpg\" src=\"data:image\/svg+xml,%3Csvg%20xmlns%3D%22http%3A%2F%2Fwww.w3.org%2F2000%2Fsvg%22%20width%3D%22100%22%20height%3D%22140%22%20viewBox%3D%220%200%20100%20140%22%3E%3C%2Fsvg%3E\" loading=\"eager\"><\/span><span class=\"fg-image-overlay\"><\/span><\/a><figcaption class=\"fg-caption\"><div class=\"fg-caption-inner\"><div class=\"fg-caption-title\">Oc\u00e9ane CARLINET, Citoyenne, \u00e9tudiante (Master en droit), Juriste dans un organisme de S\u00e9curit\u00e9 Sociale<\/div><\/div><\/figcaption><\/figure><div class=\"fg-loader\"><\/div><\/div><div class=\"fg-item fg-type-image fg-idle\"><figure class=\"fg-item-inner\"><a href=\"http:\/\/www.laicites.fr\/wp-content\/uploads\/2021\/05\/500700CF01-1.jpg\" data-caption-title=\"Clemmy FRIEDRICH, docteur en Droit, magistrat administratif\" data-attachment-id=\"478\" data-type=\"image\" class=\"fg-thumb\"><span class=\"fg-image-wrap\"><img decoding=\"async\" title=\"Clemmy FRIEDRICH, docteur en Droit, magistrat administratif\" width=\"100\" height=\"140\" class=\"skip-lazy fg-image\" data-src-fg=\"http:\/\/www.laicites.fr\/wp-content\/uploads\/cache\/2021\/05\/500700CF01-1\/3979914892.jpg\" src=\"data:image\/svg+xml,%3Csvg%20xmlns%3D%22http%3A%2F%2Fwww.w3.org%2F2000%2Fsvg%22%20width%3D%22100%22%20height%3D%22140%22%20viewBox%3D%220%200%20100%20140%22%3E%3C%2Fsvg%3E\" loading=\"eager\"><\/span><span class=\"fg-image-overlay\"><\/span><\/a><figcaption class=\"fg-caption\"><div class=\"fg-caption-inner\"><div class=\"fg-caption-title\">Clemmy FRIEDRICH, docteur en Droit, magistrat administratif<\/div><\/div><\/figcaption><\/figure><div class=\"fg-loader\"><\/div><\/div><div class=\"fg-item fg-type-image fg-idle\"><figure class=\"fg-item-inner\"><a href=\"http:\/\/www.laicites.fr\/wp-content\/uploads\/2022\/09\/500700MPG2.jpg\" data-caption-title=\"Mathilde PHILIP-GAY, Professeure de droit public, Universit\u00e9 Lyon 3\" data-attachment-id=\"706\" data-type=\"image\" class=\"fg-thumb\"><span class=\"fg-image-wrap\"><img decoding=\"async\" title=\"Mathilde PHILIP-GAY, Professeure de droit public, Universit\u00e9 Lyon 3\" width=\"100\" height=\"140\" class=\"skip-lazy fg-image\" data-src-fg=\"http:\/\/www.laicites.fr\/wp-content\/uploads\/cache\/2022\/09\/500700MPG2\/208590001.jpg\" src=\"data:image\/svg+xml,%3Csvg%20xmlns%3D%22http%3A%2F%2Fwww.w3.org%2F2000%2Fsvg%22%20width%3D%22100%22%20height%3D%22140%22%20viewBox%3D%220%200%20100%20140%22%3E%3C%2Fsvg%3E\" loading=\"eager\"><\/span><span class=\"fg-image-overlay\"><\/span><\/a><figcaption class=\"fg-caption\"><div class=\"fg-caption-inner\"><div class=\"fg-caption-title\">Mathilde PHILIP-GAY, Professeure de droit public, Universit\u00e9 Lyon 3<\/div><\/div><\/figcaption><\/figure><div class=\"fg-loader\"><\/div><\/div><div class=\"fg-item fg-type-image fg-idle\"><figure class=\"fg-item-inner\"><a href=\"http:\/\/www.laicites.fr\/wp-content\/uploads\/2021\/05\/500700NC01.jpg\" data-caption-title=\"Nicolas CADENE, juriste, rapporteur g\u00e9n\u00e9ral de l\u2019Observatoire de la la\u00efcit\u00e9, membre r\u00e9sident de l\u2019Acad\u00e9mie de N\u00eemes\" data-attachment-id=\"483\" data-type=\"image\" class=\"fg-thumb\"><span class=\"fg-image-wrap\"><img decoding=\"async\" title=\"Nicolas CADENE, juriste, rapporteur g\u00e9n\u00e9ral de l\u2019Observatoire de la la\u00efcit\u00e9, membre r\u00e9sident de l\u2019Acad\u00e9mie de N\u00eemes\" width=\"100\" height=\"140\" class=\"skip-lazy fg-image\" data-src-fg=\"http:\/\/www.laicites.fr\/wp-content\/uploads\/cache\/2021\/05\/500700NC01\/3540512795.jpg\" src=\"data:image\/svg+xml,%3Csvg%20xmlns%3D%22http%3A%2F%2Fwww.w3.org%2F2000%2Fsvg%22%20width%3D%22100%22%20height%3D%22140%22%20viewBox%3D%220%200%20100%20140%22%3E%3C%2Fsvg%3E\" loading=\"eager\"><\/span><span class=\"fg-image-overlay\"><\/span><\/a><figcaption class=\"fg-caption\"><div class=\"fg-caption-inner\"><div class=\"fg-caption-title\">Nicolas CADENE, juriste, rapporteur g\u00e9n\u00e9ral de l\u2019Observatoire de la la\u00efcit\u00e9, membre r\u00e9sident de l\u2019Acad\u00e9mie de N\u00eemes<\/div><\/div><\/figcaption><\/figure><div class=\"fg-loader\"><\/div><\/div><div class=\"fg-item fg-type-image fg-idle\"><figure class=\"fg-item-inner\"><a href=\"http:\/\/www.laicites.fr\/wp-content\/uploads\/2021\/05\/50070HM01.jpg\" data-caption-title=\"Hiam MOUANNES, Ma\u00eetre de Conf\u00e9rences de Droit public, HDR, Institut Maurice Hauriou, Ancienne Vice-pr\u00e9sidente de l&#039;Universit\u00e9 Toulouse 1 Capitole\" data-attachment-id=\"505\" data-type=\"image\" class=\"fg-thumb\"><span class=\"fg-image-wrap\"><img decoding=\"async\" title=\"Hiam MOUANNES, Ma\u00eetre de Conf\u00e9rences de Droit public, HDR, Institut Maurice Hauriou, Ancienne Vice-pr\u00e9sidente de l&#039;Universit\u00e9 Toulouse 1 Capitole\" width=\"100\" height=\"140\" class=\"skip-lazy fg-image\" data-src-fg=\"http:\/\/www.laicites.fr\/wp-content\/uploads\/cache\/2021\/05\/50070HM01\/1111282954.jpg\" src=\"data:image\/svg+xml,%3Csvg%20xmlns%3D%22http%3A%2F%2Fwww.w3.org%2F2000%2Fsvg%22%20width%3D%22100%22%20height%3D%22140%22%20viewBox%3D%220%200%20100%20140%22%3E%3C%2Fsvg%3E\" loading=\"eager\"><\/span><span class=\"fg-image-overlay\"><\/span><\/a><figcaption class=\"fg-caption\"><div class=\"fg-caption-inner\"><div class=\"fg-caption-title\">Hiam MOUANNES, Ma\u00eetre de Conf\u00e9rences de Droit public, HDR, Institut Maurice Hauriou, Ancienne Vice-pr\u00e9sidente de l&rsquo;Universit\u00e9 Toulouse 1 Capitole<\/div><\/div><\/figcaption><\/figure><div class=\"fg-loader\"><\/div><\/div><div class=\"fg-item fg-type-image fg-idle\"><figure class=\"fg-item-inner\"><a href=\"http:\/\/www.laicites.fr\/wp-content\/uploads\/2021\/04\/500700CB01.jpg\" data-caption-title=\"Cl\u00e9ment BENELBAZ, ma\u00eetre de conf\u00e9rences en droit public, Universit\u00e9 Savoie Mont-Blanc, Centre de recherche en Droit Antoine Favre, Collectif L\u2019Unit\u00e9 du Droit\" data-attachment-id=\"350\" data-type=\"image\" class=\"fg-thumb\"><span class=\"fg-image-wrap\"><img decoding=\"async\" title=\"Cl\u00e9ment BENELBAZ, ma\u00eetre de conf\u00e9rences en droit public, Universit\u00e9 Savoie Mont-Blanc, Centre de recherche en Droit Antoine Favre, Collectif L\u2019Unit\u00e9 du Droit\" width=\"100\" height=\"140\" class=\"skip-lazy fg-image\" data-src-fg=\"http:\/\/www.laicites.fr\/wp-content\/uploads\/cache\/2021\/04\/500700CB01\/2025045242.jpg\" src=\"data:image\/svg+xml,%3Csvg%20xmlns%3D%22http%3A%2F%2Fwww.w3.org%2F2000%2Fsvg%22%20width%3D%22100%22%20height%3D%22140%22%20viewBox%3D%220%200%20100%20140%22%3E%3C%2Fsvg%3E\" loading=\"eager\"><\/span><span class=\"fg-image-overlay\"><\/span><\/a><figcaption class=\"fg-caption\"><div class=\"fg-caption-inner\"><div class=\"fg-caption-title\">Cl\u00e9ment BENELBAZ, ma\u00eetre de conf\u00e9rences en droit public, Universit\u00e9 Savoie Mont-Blanc, Centre de recherche en Droit Antoine Favre, Collectif L\u2019Unit\u00e9 du Droit<\/div><\/div><\/figcaption><\/figure><div class=\"fg-loader\"><\/div><\/div><div class=\"fg-item fg-type-image fg-idle\"><figure class=\"fg-item-inner\"><a href=\"http:\/\/www.laicites.fr\/wp-content\/uploads\/2021\/04\/500700MTD01.jpg\" data-caption-title=\"Mathieu TOUZEIL-DIVINA, professeur de droit public \u00e0 l\u2019Universit\u00e9 Toulouse 1 Capitole, membre du Collectif L\u2019Unit\u00e9 du Droit, membre du LAIC-La\u00efcit\u00e9(s) [photo UT1 \u00a9]\" data-attachment-id=\"263\" data-type=\"image\" class=\"fg-thumb\"><span class=\"fg-image-wrap\"><img decoding=\"async\" title=\"Mathieu TOUZEIL-DIVINA, professeur de droit public \u00e0 l\u2019Universit\u00e9 Toulouse 1 Capitole, membre du Collectif L\u2019Unit\u00e9 du Droit, membre du LAIC-La\u00efcit\u00e9(s) [photo UT1 \u00a9]\" width=\"100\" height=\"140\" class=\"skip-lazy fg-image\" data-src-fg=\"http:\/\/www.laicites.fr\/wp-content\/uploads\/cache\/2021\/04\/500700MTD01\/2052783596.jpg\" src=\"data:image\/svg+xml,%3Csvg%20xmlns%3D%22http%3A%2F%2Fwww.w3.org%2F2000%2Fsvg%22%20width%3D%22100%22%20height%3D%22140%22%20viewBox%3D%220%200%20100%20140%22%3E%3C%2Fsvg%3E\" loading=\"eager\"><\/span><span class=\"fg-image-overlay\"><\/span><\/a><figcaption class=\"fg-caption\"><div class=\"fg-caption-inner\"><div class=\"fg-caption-title\">Mathieu TOUZEIL-DIVINA, professeur de droit public \u00e0 l\u2019Universit\u00e9 Toulouse 1 Capitole, membre du Collectif L\u2019Unit\u00e9 du Droit, membre du LAIC-La\u00efcit\u00e9(s) [photo UT1 \u00a9]<\/div><\/div><\/figcaption><\/figure><div class=\"fg-loader\"><\/div><\/div><\/div>\n\n\n<hr class=\"wp-block-separator has-css-opacity is-style-default\"\/>\n\n\n\n<p>Le groupe LAIC-La\u00efcit\u00e9(s) se compose de membres individuels et de soutiens institutionnels. Afin d&rsquo;\u00eatre le plus transparent possible, le LAIC publie la liste exhaustive de ses soutiens afin de maintenir et de revendiquer son ind\u00e9pendance tout en indiquant (et en remerciant) toutes celles et tous ceux qui le soutiennent. <\/p>\n\n\n\n<p class=\"has-text-align-center has-vivid-red-color has-text-color\">Les soutiens institutionnels publics sont : <\/p>\n\n\n\n<ul class=\"wp-block-list\">\n<li>l&rsquo;<strong>Universit\u00e9 Toulouse 1 Capitole<\/strong> dont le pr. Touzeil-Divina est membre actif ; <\/li>\n\n\n\n<li>le <strong>Centre de Recherche en Droit<\/strong>, <strong>Antoine Favre (ea 4143) de l\u2019Universit\u00e9 Savoie Mont-Blanc <\/strong>dont le dr. Cl\u00e9ment Benelbaz est membre actif ; <\/li>\n<\/ul>\n\n\n\n<p class=\"has-text-align-center has-vivid-red-color has-text-color\">Les soutiens institutionnels priv\u00e9s sont : <\/p>\n\n\n\n<ul class=\"wp-block-list\">\n<li><strong>l&rsquo;association Collectif L&rsquo;Unit\u00e9 du Droit<\/strong> (pr\u00e9sent\u00e9e ci-dessus) qui h\u00e9berge en qualit\u00e9 d&rsquo;atelier permanent et ind\u00e9pendant le groupe LAIC-La\u00efcit\u00e9(s) et lui fournit un site internet, le d\u00e9p\u00f4t d&rsquo;un nom de domaine et son h\u00e9bergement en ligne ainsi qu&rsquo;un acc\u00e8s privil\u00e9gi\u00e9 \u00e0 sa communication tant externe qu&rsquo;interne ; <\/li>\n\n\n\n<li>le <strong>Journal du Droit Administratif<\/strong>, m\u00e9dia abritant la chronique La\u00efcit\u00e9(s) anim\u00e9e par les deux directeurs du LAIC-La\u00efcit\u00e9(s) ; <\/li>\n<\/ul>\n\n\n<div class=\"wp-block-image\">\n<figure class=\"aligncenter size-large is-resized\"><img loading=\"lazy\" decoding=\"async\" width=\"600\" height=\"169\" src=\"http:\/\/www.laicites.fr\/wp-content\/uploads\/2021\/04\/JDA600169LGT.jpg\" alt=\"\" class=\"wp-image-123\" style=\"width:478px;height:135px\" srcset=\"http:\/\/www.laicites.fr\/wp-content\/uploads\/2021\/04\/JDA600169LGT.jpg 600w, http:\/\/www.laicites.fr\/wp-content\/uploads\/2021\/04\/JDA600169LGT-300x85.jpg 300w, http:\/\/www.laicites.fr\/wp-content\/uploads\/2021\/04\/JDA600169LGT-595x169.jpg 595w, http:\/\/www.laicites.fr\/wp-content\/uploads\/2021\/04\/JDA600169LGT-213x60.jpg 213w\" sizes=\"auto, (max-width: 600px) 100vw, 600px\" \/><\/figure><\/div>\n\n<div class=\"wp-block-image\">\n<figure class=\"aligncenter size-large is-resized\"><img loading=\"lazy\" decoding=\"async\" width=\"1000\" height=\"450\" src=\"http:\/\/www.laicites.fr\/wp-content\/uploads\/2021\/04\/CLUD.jpg\" alt=\"\" class=\"wp-image-124\" style=\"width:506px;height:228px\" srcset=\"http:\/\/www.laicites.fr\/wp-content\/uploads\/2021\/04\/CLUD.jpg 1000w, http:\/\/www.laicites.fr\/wp-content\/uploads\/2021\/04\/CLUD-300x135.jpg 300w, http:\/\/www.laicites.fr\/wp-content\/uploads\/2021\/04\/CLUD-768x346.jpg 768w, http:\/\/www.laicites.fr\/wp-content\/uploads\/2021\/04\/CLUD-133x60.jpg 133w\" sizes=\"auto, (max-width: 1000px) 100vw, 1000px\" \/><\/figure><\/div>","protected":false},"excerpt":{"rendered":"<p>Au 9 d\u00e9cembre 2024, le groupe LAIC-La\u00efcit\u00e9(s) est heureux de compter parmi ses membres individuels (class\u00e9s ici dans un seul ordre alphab\u00e9tique) : Le groupe LAIC-La\u00efcit\u00e9(s) se compose de membres individuels et de soutiens institutionnels. Afin d&rsquo;\u00eatre le plus transparent possible, le LAIC publie la liste exhaustive de ses soutiens afin de maintenir et de &hellip; <\/p>\n<p class=\"link-more\"><a href=\"http:\/\/www.laicites.fr\/index.php\/nos-membres\/\" class=\"more-link\">Read More<span class=\"screen-reader-text\"> \u00ab\u00a0Nos membres &#038; soutiens\u00a0\u00bb<\/span><\/a><\/p>\n","protected":false},"author":2,"featured_media":0,"parent":0,"menu_order":0,"comment_status":"closed","ping_status":"closed","template":"","meta":{"footnotes":""},"class_list":["post-22","page","type-page","status-publish","hentry"],"_links":{"self":[{"href":"http:\/\/www.laicites.fr\/index.php\/wp-json\/wp\/v2\/pages\/22","targetHints":{"allow":["GET"]}}],"collection":[{"href":"http:\/\/www.laicites.fr\/index.php\/wp-json\/wp\/v2\/pages"}],"about":[{"href":"http:\/\/www.laicites.fr\/index.php\/wp-json\/wp\/v2\/types\/page"}],"author":[{"embeddable":true,"href":"http:\/\/www.laicites.fr\/index.php\/wp-json\/wp\/v2\/users\/2"}],"replies":[{"embeddable":true,"href":"http:\/\/www.laicites.fr\/index.php\/wp-json\/wp\/v2\/comments?post=22"}],"version-history":[{"count":19,"href":"http:\/\/www.laicites.fr\/index.php\/wp-json\/wp\/v2\/pages\/22\/revisions"}],"predecessor-version":[{"id":837,"href":"http:\/\/www.laicites.fr\/index.php\/wp-json\/wp\/v2\/pages\/22\/revisions\/837"}],"wp:attachment":[{"href":"http:\/\/www.laicites.fr\/index.php\/wp-json\/wp\/v2\/media?parent=22"}],"curies":[{"name":"wp","href":"https:\/\/api.w.org\/{rel}","templated":true}]}}